{"id":96,"date":"2021-09-07T16:39:33","date_gmt":"2021-09-07T16:39:33","guid":{"rendered":"http:\/\/aeess.edu.mx\/?page_id=96"},"modified":"2021-09-23T16:08:07","modified_gmt":"2021-09-23T16:08:07","slug":"prevencion-de-la-violencia-y-la-delincuencia","status":"publish","type":"page","link":"http:\/\/aeess.edu.mx\/?page_id=96","title":{"rendered":"Prevenci\u00f3n de la Violencia y la Delincuencia"},"content":{"rendered":"\n\n\t\t\t\t<img data-recalc-dims=\"1\" loading=\"lazy\" decoding=\"async\" src=\"https:\/\/i0.wp.com\/aeess.edu.mx\/wp-content\/uploads\/2021\/09\/bnr-prev-violencia.jpg?resize=750%2C219\" alt=\"bnr-prev-violencia\" itemprop=\"image\" height=\"219\" width=\"750\" title=\"bnr-prev-violencia\" onerror=\"this.style.display='none'\"  \/>\n\t<p>En los \u00faltimos a\u00f1os la problem\u00e1tica de la violencia y la delincuencia se ha convertido en todo un reto a nivel internacional, nacional y local pues \u00e9sta alcanza todos los espacios de la vida p\u00fablica y privada: violencia social, escolar, intrafamiliar etc., de ah\u00ed surge la necesidad de enriquecer la formaci\u00f3n inicial de los futuros polic\u00edas a trav\u00e9s de un curso que contribuya a prevenir la violencia y la delincuencia pero a su vez que tengan el conocimiento de poder brindar en primera instancia la atenci\u00f3n adecuada y oportuna a personas v\u00edctimas del delito; en este sentido tambi\u00e9n se busca que el polic\u00eda que est\u00e1 en constante interacci\u00f3n con la ciudadan\u00eda pueda, en determinados casos desarrollar estrategias de prevenci\u00f3n del delito en coordinaci\u00f3n con diferentes instancias de acuerdo al \u00e1mbito de sus competencias.<\/p>\n\t<div class=\"rtbs  rtbs_curso-12-prevencion-violencia\"><div class=\"rtbs_slug\" style=\"display:none\">curso-12-prevencion-violencia<\/div><div class=\"rtbs_inactive_tab_background\" style=\"display:none\">transparent<\/div><div class=\"rtbs_breakpoint\" style=\"display:none\">400<\/div><div class=\"rtbs_color\" style=\"display:none\">#1e73be<\/div>\r\n        <div class=\"rtbs_menu\">\r\n            <ul>\r\n                <li class=\"mobile_toggle\">&zwnj;<\/li><li class=\"current\"><a style=\"background:#1e73be\" class=\"active curso-12-prevencion-violencia-tab-link-0\" href=\"#\" data-tab=\"#curso-12-prevencion-violencia-tab-0\">Objetivo de Aprendizaje<\/a><\/li><li><a href=\"#\" data-tab=\"#curso-12-prevencion-violencia-tab-1\" class=\"curso-12-prevencion-violencia-tab-link-1\">Objetivo General<\/a><\/li><li><a href=\"#\" data-tab=\"#curso-12-prevencion-violencia-tab-2\" class=\"curso-12-prevencion-violencia-tab-link-2\">Objetivo Espec\u00edfico<\/a><\/li><li><a href=\"#\" data-tab=\"#curso-12-prevencion-violencia-tab-3\" class=\"curso-12-prevencion-violencia-tab-link-3\">Duraci\u00f3n<\/a><\/li>\r\n            <\/ul>\r\n        <\/div><div style=\"border-top:7px solid #1e73be;\" id=\"curso-12-prevencion-violencia-tab-0\" class=\"rtbs_content active\"><p><img data-recalc-dims=\"1\" loading=\"lazy\" decoding=\"async\" class=\"size-full wp-image-289 alignleft\" src=\"https:\/\/i0.wp.com\/aeess.edu.mx\/wp-content\/uploads\/2021\/09\/objetivo-aprendizaje.jpg?resize=150%2C138\" alt=\"\" width=\"150\" height=\"138\">El aspirante Identificar\u00e1 los procesos de la violencia y c\u00f3mo influye en la generaci\u00f3n de conductas antisociales y delictivas a fin de establecer mecanismos sociales y situacionales para la actuaci\u00f3n y prevenci\u00f3n.<\/p>\n<div style=\"margin-top:30px; clear:both;\"><\/div><\/div><div style=\"border-top:7px solid #1e73be;\" id=\"curso-12-prevencion-violencia-tab-1\" class=\"rtbs_content\"><p><img data-recalc-dims=\"1\" loading=\"lazy\" decoding=\"async\" class=\"size-full wp-image-291 alignleft\" src=\"https:\/\/i0.wp.com\/aeess.edu.mx\/wp-content\/uploads\/2021\/09\/objetivo-general.jpg?resize=150%2C138\" alt=\"\" width=\"150\" height=\"138\">Establecer los procesos aplicables para la prevenci\u00f3n de la violencia, algunas modalidades y elementos que la componen, leyes que protegen a las v\u00edctimas y obligaciones que como servidor p\u00fablico tenemos, as\u00ed como las consecuencias de una intervenci\u00f3n oportuna y asertiva con las v\u00edctimas.<\/p>\n<div style=\"margin-top:30px; clear:both;\"><\/div><\/div><div style=\"border-top:7px solid #1e73be;\" id=\"curso-12-prevencion-violencia-tab-2\" class=\"rtbs_content\"><p><div class=\"clearfix rara-row\"><div class=\"rara_column rara-span2\"><img data-recalc-dims=\"1\" loading=\"lazy\" decoding=\"async\" class=\"size-full wp-image-290 alignleft\" src=\"https:\/\/i0.wp.com\/aeess.edu.mx\/wp-content\/uploads\/2021\/09\/objetivo-especifico.jpg?resize=150%2C138\" alt=\"\" width=\"150\" height=\"138\"><\/div> <div class=\"rara_column rara-span4\"><ul>\n<li>- Identificar la noci\u00f3n de violencia, su naturaleza, sus diversas modalidades y elementos que lo componen a fin de apreciar la importancia de prevenirla.<\/li>\n<li>- Conocer la utilidad de la prevenci\u00f3n del delito, su trascendencia e importancia para una sociedad con orden social y protecci\u00f3n de los derechos humanos.<\/li>\n<li>- Conocer las modalidades de protecci\u00f3n a las v\u00edctimas por la Ley General para la Atenci\u00f3n a V\u00edctimas, bajo las cuales los servidores p\u00fablicos como el polic\u00eda deben salvaguardar la atenci\u00f3n y contenci\u00f3n de las personas afectadas.<\/li>\n<li>- Identificar las facultades y obligaciones que el primer respondiente debe ejercer a fin de salvaguardar a la v\u00edctima.<\/li>\n<\/ul><\/div><\/div><\/p>\n<div style=\"margin-top:30px; clear:both;\"><\/div><\/div><div style=\"border-top:7px solid #1e73be;\" id=\"curso-12-prevencion-violencia-tab-3\" class=\"rtbs_content\"><p><img data-recalc-dims=\"1\" loading=\"lazy\" decoding=\"async\" class=\"size-full wp-image-288 alignleft\" src=\"https:\/\/i0.wp.com\/aeess.edu.mx\/wp-content\/uploads\/2021\/09\/duracion.jpg?resize=150%2C138\" alt=\"\" width=\"150\" height=\"138\"><\/p>\n<p>20 horas<\/p>\n<div style=\"margin-top:30px; clear:both;\"><\/div><\/div>\r\n    <\/div>\r\n    \n\n","protected":false},"excerpt":{"rendered":"","protected":false},"author":1,"featured_media":0,"parent":0,"menu_order":0,"comment_status":"closed","ping_status":"closed","template":"","meta":{"ngg_post_thumbnail":0,"pgc_sgb_lightbox_settings":"","footnotes":""},"folder":[5],"class_list":["post-96","page","type-page","status-publish","hentry","latest_post"],"yoast_head":"<!-- This site is optimized with the Yoast SEO plugin v27.5 - https:\/\/yoast.com\/product\/yoast-seo-wordpress\/ -->\n<title>Prevenci\u00f3n de la Violencia y la Delincuencia - Academia Estatal de Estudios Superiores en Seguridad<\/title>\n<meta name=\"robots\" content=\"index, follow, max-snippet:-1, max-image-preview:large, max-video-preview:-1\" \/>\n<link rel=\"canonical\" href=\"http:\/\/aeess.edu.mx\/?page_id=96\" \/>\n<meta property=\"og:locale\" content=\"es_MX\" \/>\n<meta property=\"og:type\" content=\"article\" \/>\n<meta property=\"og:title\" content=\"Prevenci\u00f3n de la Violencia y la Delincuencia - Academia Estatal de Estudios Superiores en Seguridad\" \/>\n<meta property=\"og:description\" content=\"En los \u00faltimos a\u00f1os la problem\u00e1tica de la violencia y la delincuencia se ha convertido en todo un reto a &hellip;\" \/>\n<meta property=\"og:url\" content=\"http:\/\/aeess.edu.mx\/?page_id=96\" \/>\n<meta property=\"og:site_name\" content=\"Academia Estatal de Estudios Superiores en Seguridad\" \/>\n<meta property=\"article:modified_time\" content=\"2021-09-23T16:08:07+00:00\" \/>\n<meta property=\"og:image\" content=\"http:\/\/aeess.edu.mx\/wp-content\/uploads\/2021\/09\/bnr-prev-violencia.jpg\" \/>\n<meta name=\"twitter:card\" content=\"summary_large_image\" \/>\n<meta name=\"twitter:label1\" content=\"Tiempo de lectura\" \/>\n\t<meta name=\"twitter:data1\" content=\"1 minuto\" \/>\n<script type=\"application\/ld+json\" class=\"yoast-schema-graph\">{\"@context\":\"https:\\\/\\\/schema.org\",\"@graph\":[{\"@type\":\"WebPage\",\"@id\":\"http:\\\/\\\/aeess.edu.mx\\\/?page_id=96\",\"url\":\"http:\\\/\\\/aeess.edu.mx\\\/?page_id=96\",\"name\":\"Prevenci\u00f3n de la Violencia y la Delincuencia - Academia Estatal de Estudios Superiores en Seguridad\",\"isPartOf\":{\"@id\":\"http:\\\/\\\/aeess.edu.mx\\\/#website\"},\"primaryImageOfPage\":{\"@id\":\"http:\\\/\\\/aeess.edu.mx\\\/?page_id=96#primaryimage\"},\"image\":{\"@id\":\"http:\\\/\\\/aeess.edu.mx\\\/?page_id=96#primaryimage\"},\"thumbnailUrl\":\"http:\\\/\\\/aeess.edu.mx\\\/wp-content\\\/uploads\\\/2021\\\/09\\\/bnr-prev-violencia.jpg\",\"datePublished\":\"2021-09-07T16:39:33+00:00\",\"dateModified\":\"2021-09-23T16:08:07+00:00\",\"breadcrumb\":{\"@id\":\"http:\\\/\\\/aeess.edu.mx\\\/?page_id=96#breadcrumb\"},\"inLanguage\":\"es\",\"potentialAction\":[{\"@type\":\"ReadAction\",\"target\":[\"http:\\\/\\\/aeess.edu.mx\\\/?page_id=96\"]}]},{\"@type\":\"ImageObject\",\"inLanguage\":\"es\",\"@id\":\"http:\\\/\\\/aeess.edu.mx\\\/?page_id=96#primaryimage\",\"url\":\"https:\\\/\\\/i0.wp.com\\\/aeess.edu.mx\\\/wp-content\\\/uploads\\\/2021\\\/09\\\/bnr-prev-violencia.jpg?fit=1155%2C338\",\"contentUrl\":\"https:\\\/\\\/i0.wp.com\\\/aeess.edu.mx\\\/wp-content\\\/uploads\\\/2021\\\/09\\\/bnr-prev-violencia.jpg?fit=1155%2C338\",\"width\":1155,\"height\":338},{\"@type\":\"BreadcrumbList\",\"@id\":\"http:\\\/\\\/aeess.edu.mx\\\/?page_id=96#breadcrumb\",\"itemListElement\":[{\"@type\":\"ListItem\",\"position\":1,\"name\":\"Inicio\",\"item\":\"http:\\\/\\\/aeess.edu.mx\\\/\"},{\"@type\":\"ListItem\",\"position\":2,\"name\":\"Prevenci\u00f3n de la Violencia y la Delincuencia\"}]},{\"@type\":\"WebSite\",\"@id\":\"http:\\\/\\\/aeess.edu.mx\\\/#website\",\"url\":\"http:\\\/\\\/aeess.edu.mx\\\/\",\"name\":\"Academia Estatal de Estudios Superiores en Seguridad\",\"description\":\"&quot;Formando a la Mejor Polic\u00eda de M\u00e9xico&quot;\",\"publisher\":{\"@id\":\"http:\\\/\\\/aeess.edu.mx\\\/#organization\"},\"potentialAction\":[{\"@type\":\"SearchAction\",\"target\":{\"@type\":\"EntryPoint\",\"urlTemplate\":\"http:\\\/\\\/aeess.edu.mx\\\/?s={search_term_string}\"},\"query-input\":{\"@type\":\"PropertyValueSpecification\",\"valueRequired\":true,\"valueName\":\"search_term_string\"}}],\"inLanguage\":\"es\"},{\"@type\":\"Organization\",\"@id\":\"http:\\\/\\\/aeess.edu.mx\\\/#organization\",\"name\":\"Academia Estatal de Estudios Superiores en Seguridad\",\"url\":\"http:\\\/\\\/aeess.edu.mx\\\/\",\"logo\":{\"@type\":\"ImageObject\",\"inLanguage\":\"es\",\"@id\":\"http:\\\/\\\/aeess.edu.mx\\\/#\\\/schema\\\/logo\\\/image\\\/\",\"url\":\"https:\\\/\\\/i0.wp.com\\\/aeess.edu.mx\\\/wp-content\\\/uploads\\\/2025\\\/04\\\/cropped-logos.jpg?fit=646%2C227\",\"contentUrl\":\"https:\\\/\\\/i0.wp.com\\\/aeess.edu.mx\\\/wp-content\\\/uploads\\\/2025\\\/04\\\/cropped-logos.jpg?fit=646%2C227\",\"width\":646,\"height\":227,\"caption\":\"Academia Estatal de Estudios Superiores en Seguridad\"},\"image\":{\"@id\":\"http:\\\/\\\/aeess.edu.mx\\\/#\\\/schema\\\/logo\\\/image\\\/\"}}]}<\/script>\n<!-- \/ Yoast SEO plugin. -->","yoast_head_json":{"title":"Prevenci\u00f3n de la Violencia y la Delincuencia - Academia Estatal de Estudios Superiores en Seguridad","robots":{"index":"index","follow":"follow","max-snippet":"max-snippet:-1","max-image-preview":"max-image-preview:large","max-video-preview":"max-video-preview:-1"},"canonical":"http:\/\/aeess.edu.mx\/?page_id=96","og_locale":"es_MX","og_type":"article","og_title":"Prevenci\u00f3n de la Violencia y la Delincuencia - Academia Estatal de Estudios Superiores en Seguridad","og_description":"En los \u00faltimos a\u00f1os la problem\u00e1tica de la violencia y la delincuencia se ha convertido en todo un reto a &hellip;","og_url":"http:\/\/aeess.edu.mx\/?page_id=96","og_site_name":"Academia Estatal de Estudios Superiores en Seguridad","article_modified_time":"2021-09-23T16:08:07+00:00","og_image":[{"url":"http:\/\/aeess.edu.mx\/wp-content\/uploads\/2021\/09\/bnr-prev-violencia.jpg","type":"","width":"","height":""}],"twitter_card":"summary_large_image","twitter_misc":{"Tiempo de lectura":"1 minuto"},"schema":{"@context":"https:\/\/schema.org","@graph":[{"@type":"WebPage","@id":"http:\/\/aeess.edu.mx\/?page_id=96","url":"http:\/\/aeess.edu.mx\/?page_id=96","name":"Prevenci\u00f3n de la Violencia y la Delincuencia - Academia Estatal de Estudios Superiores en Seguridad","isPartOf":{"@id":"http:\/\/aeess.edu.mx\/#website"},"primaryImageOfPage":{"@id":"http:\/\/aeess.edu.mx\/?page_id=96#primaryimage"},"image":{"@id":"http:\/\/aeess.edu.mx\/?page_id=96#primaryimage"},"thumbnailUrl":"http:\/\/aeess.edu.mx\/wp-content\/uploads\/2021\/09\/bnr-prev-violencia.jpg","datePublished":"2021-09-07T16:39:33+00:00","dateModified":"2021-09-23T16:08:07+00:00","breadcrumb":{"@id":"http:\/\/aeess.edu.mx\/?page_id=96#breadcrumb"},"inLanguage":"es","potentialAction":[{"@type":"ReadAction","target":["http:\/\/aeess.edu.mx\/?page_id=96"]}]},{"@type":"ImageObject","inLanguage":"es","@id":"http:\/\/aeess.edu.mx\/?page_id=96#primaryimage","url":"https:\/\/i0.wp.com\/aeess.edu.mx\/wp-content\/uploads\/2021\/09\/bnr-prev-violencia.jpg?fit=1155%2C338","contentUrl":"https:\/\/i0.wp.com\/aeess.edu.mx\/wp-content\/uploads\/2021\/09\/bnr-prev-violencia.jpg?fit=1155%2C338","width":1155,"height":338},{"@type":"BreadcrumbList","@id":"http:\/\/aeess.edu.mx\/?page_id=96#breadcrumb","itemListElement":[{"@type":"ListItem","position":1,"name":"Inicio","item":"http:\/\/aeess.edu.mx\/"},{"@type":"ListItem","position":2,"name":"Prevenci\u00f3n de la Violencia y la Delincuencia"}]},{"@type":"WebSite","@id":"http:\/\/aeess.edu.mx\/#website","url":"http:\/\/aeess.edu.mx\/","name":"Academia Estatal de Estudios Superiores en Seguridad","description":"&quot;Formando a la Mejor Polic\u00eda de M\u00e9xico&quot;","publisher":{"@id":"http:\/\/aeess.edu.mx\/#organization"},"potentialAction":[{"@type":"SearchAction","target":{"@type":"EntryPoint","urlTemplate":"http:\/\/aeess.edu.mx\/?s={search_term_string}"},"query-input":{"@type":"PropertyValueSpecification","valueRequired":true,"valueName":"search_term_string"}}],"inLanguage":"es"},{"@type":"Organization","@id":"http:\/\/aeess.edu.mx\/#organization","name":"Academia Estatal de Estudios Superiores en Seguridad","url":"http:\/\/aeess.edu.mx\/","logo":{"@type":"ImageObject","inLanguage":"es","@id":"http:\/\/aeess.edu.mx\/#\/schema\/logo\/image\/","url":"https:\/\/i0.wp.com\/aeess.edu.mx\/wp-content\/uploads\/2025\/04\/cropped-logos.jpg?fit=646%2C227","contentUrl":"https:\/\/i0.wp.com\/aeess.edu.mx\/wp-content\/uploads\/2025\/04\/cropped-logos.jpg?fit=646%2C227","width":646,"height":227,"caption":"Academia Estatal de Estudios Superiores en Seguridad"},"image":{"@id":"http:\/\/aeess.edu.mx\/#\/schema\/logo\/image\/"}}]}},"_links":{"self":[{"href":"http:\/\/aeess.edu.mx\/index.php?rest_route=\/wp\/v2\/pages\/96","targetHints":{"allow":["GET"]}}],"collection":[{"href":"http:\/\/aeess.edu.mx\/index.php?rest_route=\/wp\/v2\/pages"}],"about":[{"href":"http:\/\/aeess.edu.mx\/index.php?rest_route=\/wp\/v2\/types\/page"}],"author":[{"embeddable":true,"href":"http:\/\/aeess.edu.mx\/index.php?rest_route=\/wp\/v2\/users\/1"}],"replies":[{"embeddable":true,"href":"http:\/\/aeess.edu.mx\/index.php?rest_route=%2Fwp%2Fv2%2Fcomments&post=96"}],"version-history":[{"count":6,"href":"http:\/\/aeess.edu.mx\/index.php?rest_route=\/wp\/v2\/pages\/96\/revisions"}],"predecessor-version":[{"id":422,"href":"http:\/\/aeess.edu.mx\/index.php?rest_route=\/wp\/v2\/pages\/96\/revisions\/422"}],"wp:attachment":[{"href":"http:\/\/aeess.edu.mx\/index.php?rest_route=%2Fwp%2Fv2%2Fmedia&parent=96"}],"wp:term":[{"taxonomy":"folder","embeddable":true,"href":"http:\/\/aeess.edu.mx\/index.php?rest_route=%2Fwp%2Fv2%2Ffolder&post=96"}],"curies":[{"name":"wp","href":"https:\/\/api.w.org\/{rel}","templated":true}]}}